{"id":479,"date":"2015-07-07T15:03:45","date_gmt":"2015-07-07T13:03:45","guid":{"rendered":"http:\/\/www.verenakohlmeier.at\/?page_id=479"},"modified":"2020-11-14T22:29:13","modified_gmt":"2020-11-14T21:29:13","slug":"wobei-ich-sie-begleiten-kann","status":"publish","type":"page","link":"http:\/\/www.verenakohlmeier.at\/?page_id=479","title":{"rendered":"Wobei ich Sie begleiten kann"},"content":{"rendered":"<blockquote><p>&nbsp;<\/p><\/blockquote>\n<blockquote>\n<ul>\n<li><span style=\"color: #000000;\">wenn Sie Ihre Beziehung zu sich selbst und\/oder zu anderen Menschen ver\u00e4ndern m\u00f6chten<\/span><img loading=\"lazy\" decoding=\"async\" class=\"wp-image-751 alignright\" src=\"http:\/\/www.verenakohlmeier.at\/wp-content\/uploads\/2015\/07\/begleitung_rund.png\" alt=\"begleitung_rund\" width=\"270\" height=\"270\" srcset=\"http:\/\/www.verenakohlmeier.at\/wp-content\/uploads\/2015\/07\/begleitung_rund.png 500w, http:\/\/www.verenakohlmeier.at\/wp-content\/uploads\/2015\/07\/begleitung_rund-150x150.png 150w, http:\/\/www.verenakohlmeier.at\/wp-content\/uploads\/2015\/07\/begleitung_rund-300x300.png 300w\" sizes=\"auto, (max-width: 270px) 100vw, 270px\" \/><\/li>\n<\/ul>\n<\/blockquote>\n<blockquote>\n<ul>\n<li><span style=\"color: #000000;\">in belastenden Lebenssituationen wie z. B. Trennung, Verlust, Trauer etc.<\/span><\/li>\n<\/ul>\n<\/blockquote>\n<blockquote>\n<ul>\n<li><span style=\"color: #000000;\">bei k\u00f6rperlichen oder seelischen Leidenszust\u00e4nden wie z. B. Ersch\u00f6pfung, Schlafst\u00f6rungen, Antriebslosigkeit, \u00dcberforderung, Stress, Burnout etc.<\/span><\/li>\n<\/ul>\n<\/blockquote>\n<blockquote>\n<ul>\n<li><span style=\"color: #000000;\">bei psychischen Erkrankungen wie Angst- und Panikst\u00f6rungen, Zw\u00e4ngen, Abh\u00e4ngigkeit, Essst\u00f6rungen, psychosomatischen St\u00f6rungen (k\u00f6rperl. Schmerzen), Pers\u00f6nlichkeitsst\u00f6rungen<\/span><\/li>\n<\/ul>\n<\/blockquote>\n<blockquote>\n<ul>\n<li><span style=\"color: #000000;\">bei den Themen Frau-Sein, Schwangerschaft, Mutter-Sein, Eltern-Sein, (unerf\u00fcllter) Kinderwunsch, IVF-Behandlung<\/span><span style=\"color: #000000;\"><br \/>\n<\/span><\/li>\n<\/ul>\n<\/blockquote>\n<blockquote>\n<ul>\n<li><span style=\"color: #000000;\">wenn Sie sich psychisch instabil f\u00fchlen<\/span><\/li>\n<\/ul>\n<h4><span style=\"color: #957999;\">bei der Besch\u00e4ftigung mit sich selbst.<\/span><\/h4>\n<p>&nbsp;<\/p>\n<p><strong><span style=\"color: #333333;\">Spezielle Themen bei Kindern und Jugendlichen sind<\/span><\/strong><\/p>\n<p><span style=\"color: #333333;\">Unruhe, Konzentrationsschwierigkeiten, ADHS, Probleme in der Schule, Mobbing, belastende Ereignisse, verschiedenste \u00c4ngste, Panikattacken, depressive Verstimmung, emotionale St\u00f6rungen, aggressives Verhalten, starker R\u00fcckzug, psychosomatische Beschwerden (Schmerzen wie z. B. Bauchweh), selbstverletzendes Verhalten, Trennung der Eltern\u00a0 etc.<\/span><\/p>\n<p>&nbsp;<\/p><\/blockquote>\n<blockquote>\n<p style=\"text-align: center;\"><span style=\"color: #9f8bb3;\"><em>&#8222;F\u00fcrchte dich nicht vor langsamen Ver\u00e4nderungen,<br \/>\nf\u00fcrchte dich nur vor dem Stillstand<\/em>.&#8220;<\/span><\/p>\n<p style=\"text-align: center;\"><span style=\"color: #333333;\"><em>Asiatische Weisheit<\/em><\/span><\/p>\n<p>&nbsp;<\/p><\/blockquote>\n<hr \/>\n<h4><span style=\"color: #957999;\">Psychotherapie ist sinnvoll &#8230;<\/span><\/h4>\n<p>&nbsp;<\/p>\n<blockquote><p>\u2026 wenn Sie den Wunsch haben,<br \/>\netwas an sich und in Ihrem Leben zu ver\u00e4ndern.<\/p>\n<p>\u2026 wenn Sie die Bereitschaft haben,<br \/>\nsich mit Ihren Gef\u00fchlen und Ihrem Erleben zu besch\u00e4ftigen.<\/p>\n<p>&nbsp;<\/p>\n<p><a href=\"http:\/\/www.verenakohlmeier.at\/wp-content\/uploads\/2015\/11\/DSCF5512.jpg\"><img loading=\"lazy\" decoding=\"async\" class=\"aligncenter size-large wp-image-988\" src=\"http:\/\/www.verenakohlmeier.at\/wp-content\/uploads\/2015\/11\/DSCF5512-1024x768.jpg\" alt=\"\" width=\"474\" height=\"356\" srcset=\"http:\/\/www.verenakohlmeier.at\/wp-content\/uploads\/2015\/11\/DSCF5512-1024x768.jpg 1024w, http:\/\/www.verenakohlmeier.at\/wp-content\/uploads\/2015\/11\/DSCF5512-300x225.jpg 300w\" sizes=\"auto, (max-width: 474px) 100vw, 474px\" \/><\/a><\/p><\/blockquote>\n","protected":false},"excerpt":{"rendered":"<p>&nbsp; wenn Sie Ihre Beziehung zu sich selbst und\/oder zu anderen Menschen ver\u00e4ndern m\u00f6chten in belastenden Lebenssituationen wie z. B. Trennung, Verlust, Trauer etc. bei k\u00f6rperlichen oder seelischen Leidenszust\u00e4nden wie z. B. Ersch\u00f6pfung, Schlafst\u00f6rungen, Antriebslosigkeit, \u00dcberforderung, Stress, Burnout etc. bei psychischen Erkrankungen wie Angst- und Panikst\u00f6rungen, Zw\u00e4ngen, Abh\u00e4ngigkeit, Essst\u00f6rungen, psychosomatischen St\u00f6rungen (k\u00f6rperl. Schmerzen), Pers\u00f6nlichkeitsst\u00f6rungen bei &hellip; <a href=\"http:\/\/www.verenakohlmeier.at\/?page_id=479\" class=\"more-link\"><span class=\"screen-reader-text\">Wobei ich Sie begleiten kann<\/span> weiterlesen <span class=\"meta-nav\">&rarr;<\/span><\/a><\/p>\n","protected":false},"author":2,"featured_media":0,"parent":0,"menu_order":0,"comment_status":"closed","ping_status":"open","template":"page-templates\/full-width.php","meta":{"jetpack_post_was_ever_published":false,"footnotes":""},"class_list":["post-479","page","type-page","status-publish","hentry"],"yoast_head":"<!-- This site is optimized with the Yoast SEO plugin v27.5 - https:\/\/yoast.com\/product\/yoast-seo-wordpress\/ -->\n<title>Wobei ich Sie begleiten kann - Verena Kohlmeier<\/title>\n<meta name=\"robots\" content=\"index, follow, max-snippet:-1, max-image-preview:large, max-video-preview:-1\" \/>\n<link rel=\"canonical\" href=\"http:\/\/www.verenakohlmeier.at\/?page_id=479\" \/>\n<meta property=\"og:locale\" content=\"de_DE\" \/>\n<meta property=\"og:type\" content=\"article\" \/>\n<meta property=\"og:title\" content=\"Wobei ich Sie begleiten kann - Verena Kohlmeier\" \/>\n<meta property=\"og:description\" content=\"&nbsp; wenn Sie Ihre Beziehung zu sich selbst und\/oder zu anderen Menschen ver\u00e4ndern m\u00f6chten in belastenden Lebenssituationen wie z. B. Trennung, Verlust, Trauer etc. bei k\u00f6rperlichen oder seelischen Leidenszust\u00e4nden wie z. B. Ersch\u00f6pfung, Schlafst\u00f6rungen, Antriebslosigkeit, \u00dcberforderung, Stress, Burnout etc. bei psychischen Erkrankungen wie Angst- und Panikst\u00f6rungen, Zw\u00e4ngen, Abh\u00e4ngigkeit, Essst\u00f6rungen, psychosomatischen St\u00f6rungen (k\u00f6rperl. Schmerzen), Pers\u00f6nlichkeitsst\u00f6rungen bei &hellip; Wobei ich Sie begleiten kann weiterlesen &rarr;\" \/>\n<meta property=\"og:url\" content=\"http:\/\/www.verenakohlmeier.at\/?page_id=479\" \/>\n<meta property=\"og:site_name\" content=\"Verena Kohlmeier\" \/>\n<meta property=\"article:modified_time\" content=\"2020-11-14T21:29:13+00:00\" \/>\n<meta property=\"og:image\" content=\"http:\/\/www.verenakohlmeier.at\/wp-content\/uploads\/2015\/07\/begleitung_rund.png\" \/>\n<meta name=\"twitter:label1\" content=\"Gesch\u00e4tzte Lesezeit\" \/>\n\t<meta name=\"twitter:data1\" content=\"1\u00a0Minute\" \/>\n<script type=\"application\/ld+json\" class=\"yoast-schema-graph\">{\"@context\":\"https:\\\/\\\/schema.org\",\"@graph\":[{\"@type\":\"WebPage\",\"@id\":\"http:\\\/\\\/www.verenakohlmeier.at\\\/?page_id=479\",\"url\":\"http:\\\/\\\/www.verenakohlmeier.at\\\/?page_id=479\",\"name\":\"Wobei ich Sie begleiten kann - Verena Kohlmeier\",\"isPartOf\":{\"@id\":\"http:\\\/\\\/www.verenakohlmeier.at\\\/#website\"},\"primaryImageOfPage\":{\"@id\":\"http:\\\/\\\/www.verenakohlmeier.at\\\/?page_id=479#primaryimage\"},\"image\":{\"@id\":\"http:\\\/\\\/www.verenakohlmeier.at\\\/?page_id=479#primaryimage\"},\"thumbnailUrl\":\"http:\\\/\\\/www.verenakohlmeier.at\\\/wp-content\\\/uploads\\\/2015\\\/07\\\/begleitung_rund.png\",\"datePublished\":\"2015-07-07T13:03:45+00:00\",\"dateModified\":\"2020-11-14T21:29:13+00:00\",\"breadcrumb\":{\"@id\":\"http:\\\/\\\/www.verenakohlmeier.at\\\/?page_id=479#breadcrumb\"},\"inLanguage\":\"de\",\"potentialAction\":[{\"@type\":\"ReadAction\",\"target\":[\"http:\\\/\\\/www.verenakohlmeier.at\\\/?page_id=479\"]}]},{\"@type\":\"ImageObject\",\"inLanguage\":\"de\",\"@id\":\"http:\\\/\\\/www.verenakohlmeier.at\\\/?page_id=479#primaryimage\",\"url\":\"http:\\\/\\\/www.verenakohlmeier.at\\\/wp-content\\\/uploads\\\/2015\\\/07\\\/begleitung_rund.png\",\"contentUrl\":\"http:\\\/\\\/www.verenakohlmeier.at\\\/wp-content\\\/uploads\\\/2015\\\/07\\\/begleitung_rund.png\",\"width\":500,\"height\":500},{\"@type\":\"BreadcrumbList\",\"@id\":\"http:\\\/\\\/www.verenakohlmeier.at\\\/?page_id=479#breadcrumb\",\"itemListElement\":[{\"@type\":\"ListItem\",\"position\":1,\"name\":\"Startseite\",\"item\":\"http:\\\/\\\/www.verenakohlmeier.at\\\/\"},{\"@type\":\"ListItem\",\"position\":2,\"name\":\"Wobei ich Sie begleiten kann\"}]},{\"@type\":\"WebSite\",\"@id\":\"http:\\\/\\\/www.verenakohlmeier.at\\\/#website\",\"url\":\"http:\\\/\\\/www.verenakohlmeier.at\\\/\",\"name\":\"Verena Kohlmeier\",\"description\":\"\",\"potentialAction\":[{\"@type\":\"SearchAction\",\"target\":{\"@type\":\"EntryPoint\",\"urlTemplate\":\"http:\\\/\\\/www.verenakohlmeier.at\\\/?s={search_term_string}\"},\"query-input\":{\"@type\":\"PropertyValueSpecification\",\"valueRequired\":true,\"valueName\":\"search_term_string\"}}],\"inLanguage\":\"de\"}]}<\/script>\n<!-- \/ Yoast SEO plugin. -->","yoast_head_json":{"title":"Wobei ich Sie begleiten kann - Verena Kohlmeier","robots":{"index":"index","follow":"follow","max-snippet":"max-snippet:-1","max-image-preview":"max-image-preview:large","max-video-preview":"max-video-preview:-1"},"canonical":"http:\/\/www.verenakohlmeier.at\/?page_id=479","og_locale":"de_DE","og_type":"article","og_title":"Wobei ich Sie begleiten kann - Verena Kohlmeier","og_description":"&nbsp; wenn Sie Ihre Beziehung zu sich selbst und\/oder zu anderen Menschen ver\u00e4ndern m\u00f6chten in belastenden Lebenssituationen wie z. B. Trennung, Verlust, Trauer etc. bei k\u00f6rperlichen oder seelischen Leidenszust\u00e4nden wie z. B. Ersch\u00f6pfung, Schlafst\u00f6rungen, Antriebslosigkeit, \u00dcberforderung, Stress, Burnout etc. bei psychischen Erkrankungen wie Angst- und Panikst\u00f6rungen, Zw\u00e4ngen, Abh\u00e4ngigkeit, Essst\u00f6rungen, psychosomatischen St\u00f6rungen (k\u00f6rperl. Schmerzen), Pers\u00f6nlichkeitsst\u00f6rungen bei &hellip; Wobei ich Sie begleiten kann weiterlesen &rarr;","og_url":"http:\/\/www.verenakohlmeier.at\/?page_id=479","og_site_name":"Verena Kohlmeier","article_modified_time":"2020-11-14T21:29:13+00:00","og_image":[{"url":"http:\/\/www.verenakohlmeier.at\/wp-content\/uploads\/2015\/07\/begleitung_rund.png","type":"","width":"","height":""}],"twitter_misc":{"Gesch\u00e4tzte Lesezeit":"1\u00a0Minute"},"schema":{"@context":"https:\/\/schema.org","@graph":[{"@type":"WebPage","@id":"http:\/\/www.verenakohlmeier.at\/?page_id=479","url":"http:\/\/www.verenakohlmeier.at\/?page_id=479","name":"Wobei ich Sie begleiten kann - Verena Kohlmeier","isPartOf":{"@id":"http:\/\/www.verenakohlmeier.at\/#website"},"primaryImageOfPage":{"@id":"http:\/\/www.verenakohlmeier.at\/?page_id=479#primaryimage"},"image":{"@id":"http:\/\/www.verenakohlmeier.at\/?page_id=479#primaryimage"},"thumbnailUrl":"http:\/\/www.verenakohlmeier.at\/wp-content\/uploads\/2015\/07\/begleitung_rund.png","datePublished":"2015-07-07T13:03:45+00:00","dateModified":"2020-11-14T21:29:13+00:00","breadcrumb":{"@id":"http:\/\/www.verenakohlmeier.at\/?page_id=479#breadcrumb"},"inLanguage":"de","potentialAction":[{"@type":"ReadAction","target":["http:\/\/www.verenakohlmeier.at\/?page_id=479"]}]},{"@type":"ImageObject","inLanguage":"de","@id":"http:\/\/www.verenakohlmeier.at\/?page_id=479#primaryimage","url":"http:\/\/www.verenakohlmeier.at\/wp-content\/uploads\/2015\/07\/begleitung_rund.png","contentUrl":"http:\/\/www.verenakohlmeier.at\/wp-content\/uploads\/2015\/07\/begleitung_rund.png","width":500,"height":500},{"@type":"BreadcrumbList","@id":"http:\/\/www.verenakohlmeier.at\/?page_id=479#breadcrumb","itemListElement":[{"@type":"ListItem","position":1,"name":"Startseite","item":"http:\/\/www.verenakohlmeier.at\/"},{"@type":"ListItem","position":2,"name":"Wobei ich Sie begleiten kann"}]},{"@type":"WebSite","@id":"http:\/\/www.verenakohlmeier.at\/#website","url":"http:\/\/www.verenakohlmeier.at\/","name":"Verena Kohlmeier","description":"","potentialAction":[{"@type":"SearchAction","target":{"@type":"EntryPoint","urlTemplate":"http:\/\/www.verenakohlmeier.at\/?s={search_term_string}"},"query-input":{"@type":"PropertyValueSpecification","valueRequired":true,"valueName":"search_term_string"}}],"inLanguage":"de"}]}},"jetpack_sharing_enabled":true,"jetpack_shortlink":"https:\/\/wp.me\/P9d7WV-7J","_links":{"self":[{"href":"http:\/\/www.verenakohlmeier.at\/index.php?rest_route=\/wp\/v2\/pages\/479","targetHints":{"allow":["GET"]}}],"collection":[{"href":"http:\/\/www.verenakohlmeier.at\/index.php?rest_route=\/wp\/v2\/pages"}],"about":[{"href":"http:\/\/www.verenakohlmeier.at\/index.php?rest_route=\/wp\/v2\/types\/page"}],"author":[{"embeddable":true,"href":"http:\/\/www.verenakohlmeier.at\/index.php?rest_route=\/wp\/v2\/users\/2"}],"replies":[{"embeddable":true,"href":"http:\/\/www.verenakohlmeier.at\/index.php?rest_route=%2Fwp%2Fv2%2Fcomments&post=479"}],"version-history":[{"count":76,"href":"http:\/\/www.verenakohlmeier.at\/index.php?rest_route=\/wp\/v2\/pages\/479\/revisions"}],"predecessor-version":[{"id":1577,"href":"http:\/\/www.verenakohlmeier.at\/index.php?rest_route=\/wp\/v2\/pages\/479\/revisions\/1577"}],"wp:attachment":[{"href":"http:\/\/www.verenakohlmeier.at\/index.php?rest_route=%2Fwp%2Fv2%2Fmedia&parent=479"}],"curies":[{"name":"wp","href":"https:\/\/api.w.org\/{rel}","templated":true}]}}