{"id":449,"date":"2015-06-30T17:54:12","date_gmt":"2015-06-30T15:54:12","guid":{"rendered":"http:\/\/www.verenakohlmeier.at\/?page_id=449"},"modified":"2022-09-13T22:23:18","modified_gmt":"2022-09-13T20:23:18","slug":"angebote-und-preise","status":"publish","type":"page","link":"http:\/\/www.verenakohlmeier.at\/?page_id=449","title":{"rendered":"Angebote"},"content":{"rendered":"<h5><\/h5>\n<h5 style=\"text-align: center;\"><span style=\"color: #957999;\">Einzel-Psychotherapie<\/span><\/h5>\n<blockquote>\n<p style=\"text-align: center;\"><span style=\"color: #808080;\">Psychotherapie hilft Kindern, Jugendlichen und<\/span><br \/>\n<span style=\"color: #808080;\">Erwachsenen bei Problemen oder inneren Konflikten,<\/span><br \/>\n<span style=\"color: #808080;\">beim Umgang mit \u00c4ngsten, in belastenden<\/span><br \/>\n<span style=\"color: #808080;\">Lebenssituationen, bei psychischer Erkrankung.<\/span><\/p>\n<p style=\"text-align: center;\"><span style=\"color: #957999;\">Sie hilft, die Lebensfreude zu steigern und sich mit sich selbst, mit anderen und in der Welt wieder wohl zu f\u00fchlen.<\/span><\/p>\n<\/blockquote>\n<h5 style=\"text-align: center;\"><span style=\"color: #957999;\">Paartherapie<\/span><\/h5>\n<blockquote>\n<p style=\"text-align: center;\">Paartherapie ist hilfreich, wenn Sie unter Problemen in<br \/>\nIhrer Beziehung leiden, wenn Sie nicht mehr<br \/>\nmiteinander reden k\u00f6nnen, wenn die Konflikte in der Partnerschaft schon die ganze Familie belasten.<\/p>\n<p style=\"text-align: center;\"><span style=\"color: #957999;\">Sie ist eine sinnvolle Unterst\u00fctzung, wenn Sie beide an einer gelingenden Partnerschaft arbeiten<\/span><br \/>\n<span style=\"color: #957999;\">wollen.<\/span><\/p>\n<\/blockquote>\n<h5 style=\"text-align: center;\"><span style=\"color: #957999;\">Kinder- &amp; Jugendlichentherapie,<\/span><br \/>\n<span style=\"color: #957999;\">Familientherapie<\/span><\/h5>\n<blockquote>\n<p style=\"text-align: center;\">Eine Familientherapie ist sinnvoll, wenn ein Kind oder die ganze Familie leidet, wenn eine wertsch\u00e4tzende Kommunikation untereinander nicht mehr gelingt oder wenn die Familie vielseitigen Belastungen ausgesetzt ist. Nicht nur die Kinder oder Jugendlichen kommen zur Therapie, sondern auch die Eltern<br \/>\n(nahe Bezugspersonen, event. Lehrer)<br \/>\nwerden aktiv miteinbezogen.<\/p>\n<p style=\"text-align: center;\"><span style=\"color: #957999;\">Das Ziel ist, dass alle Beteiligten Verantwortung f\u00fcr<\/span><br \/>\n<span style=\"color: #957999;\">Leiden einzelner Familienmitglieder \u00fcbernehmen und<\/span><br \/>\n<span style=\"color: #957999;\">jeder bereit ist, bestimmte Verhaltensweisen an sich<\/span><br \/>\n<span style=\"color: #957999;\">selbst zu ver\u00e4ndern.<\/span><\/p>\n<\/blockquote>\n<h5 style=\"text-align: center;\"><span style=\"color: #957999;\">Eltern-Beratung<\/span><\/h5>\n<blockquote>\n<p style=\"text-align: center;\">Eine Eltern-Beratung macht Sinn, wenn Sie in der Erziehung Fragen haben oder sich unsicher f\u00fchlen, wenn Sie sich als Eltern \u00fcberfordert f\u00fchlen oder wenn Sie sich in der Erziehung Ihrer Kinder nicht mehr zu helfen wissen.<\/p>\n<p style=\"text-align: center;\"><span style=\"color: #957999;\">Auch wenn Kinder noch keine festgeschriebenen Symptome zeigen und Sie noch nicht an Ihren Grenzen angelangt sind, ist es erlaubt und wichtig sich Rat zu holen.<\/span><\/p>\n<p style=\"text-align: center;\"><span style=\"color: #957999;\">Erfahren Sie St\u00e4rkung in Ihrer elterlichen Kompetenz<\/span><\/p>\n<\/blockquote>\n<h5 style=\"text-align: center;\"><span style=\"color: #957999;\">Seminare &amp; Workshops<\/span><\/h5>\n<blockquote>\n<p style=\"text-align: center;\"><span style=\"color: #957999;\"><span style=\"color: #808080;\">F\u00fcr Organisationen sowie Interessensgruppen zu verschiedensten Themen wie :<\/span><br \/>\n<\/span><br \/>\n<span style=\"color: #957999;\">&#8211; &#8222;Kommunikation in schwierigen Situationen&#8220;<\/span><\/p>\n<p style=\"text-align: center;\"><span style=\"color: #957999;\">&#8211; &#8222;Die Beziehung zu sich selbst und zu anderen<\/span><br \/>\n<span style=\"color: #957999;\">bewusst und gesund gestalten&#8220;<\/span><\/p>\n<table style=\"border-collapse: collapse; width: 100%;\">\n<tbody>\n<tr>\n<td style=\"width: 100%; text-align: center;\">\n<h5><em><strong><span style=\"color: #957999;\"><br \/>\n<\/span><\/strong><\/em><\/h5>\n<h5><em><strong><span style=\"color: #957999;\">ZIL &#8211;\u00a0 &#8222;Zentrum f\u00fcr individuelle L\u00f6sungen&#8220;<br \/>\n<\/span><\/strong><\/em><em><strong><span style=\"color: #957999;\">Greisdorf 5, 8511 St. Stefan ob<\/span><\/strong><\/em><\/h5>\n<p>oder<\/p>\n<p>bei Ihnen vor Ort<\/p>\n<p>&nbsp;<\/td>\n<\/tr>\n<\/tbody>\n<\/table>\n<\/blockquote>\n<h5 style=\"text-align: center;\"><span style=\"color: #957999;\">Selbsterfahrung<\/span><\/h5>\n<blockquote>\n<p style=\"text-align: center;\">Wenn Sie sich selbst erfahren, erleben und<br \/>\nweiterentwickeln m\u00f6chten.<\/p>\n<p style=\"text-align: center;\"><span style=\"color: #957999;\"> Selbsterfahrung dient pers\u00f6nlichem Wachstum und tr\u00e4gt dazu bei, die eigene Gesundheit zu f\u00f6rdern bzw. aufrecht zu erhalten.<\/span><\/p>\n<\/blockquote>\n<h5><em><a href=\"http:\/\/www.verenakohlmeier.at\/wp-content\/uploads\/2015\/03\/therapeutisches_klettern_seele_rund.png\"><img loading=\"lazy\" decoding=\"async\" class=\"alignright size-medium wp-image-855\" src=\"http:\/\/www.verenakohlmeier.at\/wp-content\/uploads\/2015\/03\/therapeutisches_klettern_seele_rund-300x300.png\" alt=\"\" width=\"300\" height=\"300\" srcset=\"http:\/\/www.verenakohlmeier.at\/wp-content\/uploads\/2015\/03\/therapeutisches_klettern_seele_rund-300x300.png 300w, http:\/\/www.verenakohlmeier.at\/wp-content\/uploads\/2015\/03\/therapeutisches_klettern_seele_rund-150x150.png 150w, http:\/\/www.verenakohlmeier.at\/wp-content\/uploads\/2015\/03\/therapeutisches_klettern_seele_rund.png 500w\" sizes=\"auto, (max-width: 300px) 100vw, 300px\" \/><\/a><\/em><\/h5>\n<p>&nbsp;<\/p>\n<p>&nbsp;<\/p>\n<p>&nbsp;<\/p>\n<p>&nbsp;<\/p>\n<p>&nbsp;<\/p>\n<blockquote><p><span style=\"color: #957999;\">&#8222;Denn alles ist verg\u00e4nglich.&#8220;<\/span><br \/>\nIrvin Yalom<\/p><\/blockquote>\n<p>&nbsp;<\/p>\n<blockquote><p><em><strong>Zielgruppe: <\/strong><\/em>Kinder, Jugendliche, Erwachsene<br \/>\n<strong><em>Zeitausma\u00df: <\/em><\/strong>50 min\/Einheit<br \/>\n<strong><em>Kosten: <\/em><\/strong><em>85<\/em>,-\/Einheit<\/p>\n<div>\n<p>*Anmerkung: Bei Psychotherapie bekommen Sie von Ihrer Krankenkasse einen Teilbetrag r\u00fcckerstattet<br \/>\n(Bsp.: \u00d6GK 28,-\/Einheit, PVA 40,-).<\/p>\n<\/div>\n<\/blockquote>\n<blockquote>\n<div>F\u00fcr Kinder und Jugendliche k\u00f6nnen Sie bei der Bezirkshauptmannschaft einen zus\u00e4tzlichen Kostenzuschuss \u00fcber die Kinder- und Jugendhilfe beantragen.<\/div>\n<\/blockquote>\n<hr \/>\n<h5><span style=\"color: #957999;\">Therapeutisches Klettern<\/span><\/h5>\n<blockquote>\n<blockquote><p><strong><em>Zielgruppe<\/em>: <\/strong>Kinder, Jugendliche, Erwachsene<br \/>\n<em><strong>Gruppentherapie:<\/strong><\/em> 3-5 Personen<br \/>\n<strong><em> Zeitausma\u00df und Kosten: <\/em><\/strong>auf Anfrage<br \/>\n<em><strong>Veranstaltungsorte:<\/strong><\/em><br \/>\n<em> Praxis: St. Stefan 8, 8511 St. Stefan ob Stainz<\/em><br \/>\n<em> Kletterhalle City Adventure Center: Idlhofgasse 74, 8020 Graz<\/em><\/p><\/blockquote>\n<blockquote>\n<div>\n<div>*Anmeldung von Einzelpersonen:<br \/>\nGruppe ab 3 Personen<\/div>\n<\/div>\n<div>\n<p><a href=\"http:\/\/www.verenakohlmeier.at\/wp-content\/uploads\/2015\/07\/therapeutisches_klettern_rund.png\" data-slb-active=\"1\" data-slb-asset=\"1656960138\" data-slb-internal=\"0\" data-slb-group=\"1539\"><img loading=\"lazy\" decoding=\"async\" class=\"alignright size-medium wp-image-1181\" src=\"http:\/\/www.verenakohlmeier.at\/wp-content\/uploads\/2015\/07\/therapeutisches_klettern_rund-300x300.png\" sizes=\"auto, (max-width: 300px) 100vw, 300px\" srcset=\"http:\/\/www.verenakohlmeier.at\/wp-content\/uploads\/2015\/07\/therapeutisches_klettern_rund-300x300.png 300w, http:\/\/www.verenakohlmeier.at\/wp-content\/uploads\/2015\/07\/therapeutisches_klettern_rund-150x150.png 150w, http:\/\/www.verenakohlmeier.at\/wp-content\/uploads\/2015\/07\/therapeutisches_klettern_rund.png 500w\" alt=\"\" width=\"300\" height=\"300\" \/><\/a><\/p>\n<p>&nbsp;<\/p>\n<p>&nbsp;<\/p>\n<p>&nbsp;<\/p>\n<p>&nbsp;<\/p>\n<p>&nbsp;<\/p>\n<p>&nbsp;<\/p>\n<p><span style=\"color: #957999;\">Halt erfahren, Halt geben, Vertrauen entwickeln, in sich, die anderen und die Welt allgemein<\/span><\/p>\n<\/div>\n<\/blockquote>\n<\/blockquote>\n<blockquote>\n<blockquote>\n<div>\n<p>&nbsp;<\/p>\n<p>*Anmerkung: Auch beim Therapeutischen Klettern bekommen Sie von Ihrer Krankenkasse einen Teilbetrag r\u00fcckerstattet<br \/>\n(Bsp.: \u00d6GK 28,-\/Einheit, PVA 40,-).<\/p>\n<\/div>\n<\/blockquote>\n<div><\/div>\n<\/blockquote>\n<div><\/div>\n<div><\/div>\n<div><\/div>\n<p>&nbsp;<\/p>\n<div><\/div>\n<p style=\"text-align: center;\"><em><strong>\u00a0<\/strong><\/em><\/p>\n<p style=\"text-align: center;\"><em>\u00a0<\/em><\/p>\n<p>&nbsp;<\/p>\n","protected":false},"excerpt":{"rendered":"<p>Einzel-Psychotherapie Psychotherapie hilft Kindern, Jugendlichen und Erwachsenen bei Problemen oder inneren Konflikten, beim Umgang mit \u00c4ngsten, in belastenden Lebenssituationen, bei psychischer Erkrankung. Sie hilft, die Lebensfreude zu steigern und sich mit sich selbst, mit anderen und in der Welt wieder wohl zu f\u00fchlen. Paartherapie Paartherapie ist hilfreich, wenn Sie unter Problemen in Ihrer Beziehung leiden, &hellip; <a href=\"http:\/\/www.verenakohlmeier.at\/?page_id=449\" class=\"more-link\"><span class=\"screen-reader-text\">Angebote<\/span> weiterlesen <span class=\"meta-nav\">&rarr;<\/span><\/a><\/p>\n","protected":false},"author":2,"featured_media":0,"parent":0,"menu_order":0,"comment_status":"closed","ping_status":"open","template":"page-templates\/full-width.php","meta":{"jetpack_post_was_ever_published":false,"footnotes":""},"class_list":["post-449","page","type-page","status-publish","hentry"],"yoast_head":"<!-- This site is optimized with the Yoast SEO plugin v27.4 - https:\/\/yoast.com\/product\/yoast-seo-wordpress\/ -->\n<title>Angebote - Verena Kohlmeier<\/title>\n<meta name=\"robots\" content=\"index, follow, max-snippet:-1, max-image-preview:large, max-video-preview:-1\" \/>\n<link rel=\"canonical\" href=\"http:\/\/www.verenakohlmeier.at\/?page_id=449\" \/>\n<meta property=\"og:locale\" content=\"de_DE\" \/>\n<meta property=\"og:type\" content=\"article\" \/>\n<meta property=\"og:title\" content=\"Angebote - Verena Kohlmeier\" \/>\n<meta property=\"og:description\" content=\"Einzel-Psychotherapie Psychotherapie hilft Kindern, Jugendlichen und Erwachsenen bei Problemen oder inneren Konflikten, beim Umgang mit \u00c4ngsten, in belastenden Lebenssituationen, bei psychischer Erkrankung. Sie hilft, die Lebensfreude zu steigern und sich mit sich selbst, mit anderen und in der Welt wieder wohl zu f\u00fchlen. Paartherapie Paartherapie ist hilfreich, wenn Sie unter Problemen in Ihrer Beziehung leiden, &hellip; Angebote weiterlesen &rarr;\" \/>\n<meta property=\"og:url\" content=\"http:\/\/www.verenakohlmeier.at\/?page_id=449\" \/>\n<meta property=\"og:site_name\" content=\"Verena Kohlmeier\" \/>\n<meta property=\"article:modified_time\" content=\"2022-09-13T20:23:18+00:00\" \/>\n<meta property=\"og:image\" content=\"http:\/\/www.verenakohlmeier.at\/wp-content\/uploads\/2015\/03\/therapeutisches_klettern_seele_rund-300x300.png\" \/>\n<meta name=\"twitter:label1\" content=\"Gesch\u00e4tzte Lesezeit\" \/>\n\t<meta name=\"twitter:data1\" content=\"3\u00a0Minuten\" \/>\n<script type=\"application\/ld+json\" class=\"yoast-schema-graph\">{\"@context\":\"https:\\\/\\\/schema.org\",\"@graph\":[{\"@type\":\"WebPage\",\"@id\":\"http:\\\/\\\/www.verenakohlmeier.at\\\/?page_id=449\",\"url\":\"http:\\\/\\\/www.verenakohlmeier.at\\\/?page_id=449\",\"name\":\"Angebote - Verena Kohlmeier\",\"isPartOf\":{\"@id\":\"http:\\\/\\\/www.verenakohlmeier.at\\\/#website\"},\"primaryImageOfPage\":{\"@id\":\"http:\\\/\\\/www.verenakohlmeier.at\\\/?page_id=449#primaryimage\"},\"image\":{\"@id\":\"http:\\\/\\\/www.verenakohlmeier.at\\\/?page_id=449#primaryimage\"},\"thumbnailUrl\":\"http:\\\/\\\/www.verenakohlmeier.at\\\/wp-content\\\/uploads\\\/2015\\\/03\\\/therapeutisches_klettern_seele_rund-300x300.png\",\"datePublished\":\"2015-06-30T15:54:12+00:00\",\"dateModified\":\"2022-09-13T20:23:18+00:00\",\"breadcrumb\":{\"@id\":\"http:\\\/\\\/www.verenakohlmeier.at\\\/?page_id=449#breadcrumb\"},\"inLanguage\":\"de\",\"potentialAction\":[{\"@type\":\"ReadAction\",\"target\":[\"http:\\\/\\\/www.verenakohlmeier.at\\\/?page_id=449\"]}]},{\"@type\":\"ImageObject\",\"inLanguage\":\"de\",\"@id\":\"http:\\\/\\\/www.verenakohlmeier.at\\\/?page_id=449#primaryimage\",\"url\":\"http:\\\/\\\/www.verenakohlmeier.at\\\/wp-content\\\/uploads\\\/2015\\\/03\\\/therapeutisches_klettern_seele_rund.png\",\"contentUrl\":\"http:\\\/\\\/www.verenakohlmeier.at\\\/wp-content\\\/uploads\\\/2015\\\/03\\\/therapeutisches_klettern_seele_rund.png\",\"width\":500,\"height\":500},{\"@type\":\"BreadcrumbList\",\"@id\":\"http:\\\/\\\/www.verenakohlmeier.at\\\/?page_id=449#breadcrumb\",\"itemListElement\":[{\"@type\":\"ListItem\",\"position\":1,\"name\":\"Startseite\",\"item\":\"http:\\\/\\\/www.verenakohlmeier.at\\\/\"},{\"@type\":\"ListItem\",\"position\":2,\"name\":\"Angebote\"}]},{\"@type\":\"WebSite\",\"@id\":\"http:\\\/\\\/www.verenakohlmeier.at\\\/#website\",\"url\":\"http:\\\/\\\/www.verenakohlmeier.at\\\/\",\"name\":\"Verena Kohlmeier\",\"description\":\"\",\"potentialAction\":[{\"@type\":\"SearchAction\",\"target\":{\"@type\":\"EntryPoint\",\"urlTemplate\":\"http:\\\/\\\/www.verenakohlmeier.at\\\/?s={search_term_string}\"},\"query-input\":{\"@type\":\"PropertyValueSpecification\",\"valueRequired\":true,\"valueName\":\"search_term_string\"}}],\"inLanguage\":\"de\"}]}<\/script>\n<!-- \/ Yoast SEO plugin. -->","yoast_head_json":{"title":"Angebote - Verena Kohlmeier","robots":{"index":"index","follow":"follow","max-snippet":"max-snippet:-1","max-image-preview":"max-image-preview:large","max-video-preview":"max-video-preview:-1"},"canonical":"http:\/\/www.verenakohlmeier.at\/?page_id=449","og_locale":"de_DE","og_type":"article","og_title":"Angebote - Verena Kohlmeier","og_description":"Einzel-Psychotherapie Psychotherapie hilft Kindern, Jugendlichen und Erwachsenen bei Problemen oder inneren Konflikten, beim Umgang mit \u00c4ngsten, in belastenden Lebenssituationen, bei psychischer Erkrankung. Sie hilft, die Lebensfreude zu steigern und sich mit sich selbst, mit anderen und in der Welt wieder wohl zu f\u00fchlen. Paartherapie Paartherapie ist hilfreich, wenn Sie unter Problemen in Ihrer Beziehung leiden, &hellip; Angebote weiterlesen &rarr;","og_url":"http:\/\/www.verenakohlmeier.at\/?page_id=449","og_site_name":"Verena Kohlmeier","article_modified_time":"2022-09-13T20:23:18+00:00","og_image":[{"url":"http:\/\/www.verenakohlmeier.at\/wp-content\/uploads\/2015\/03\/therapeutisches_klettern_seele_rund-300x300.png","type":"","width":"","height":""}],"twitter_misc":{"Gesch\u00e4tzte Lesezeit":"3\u00a0Minuten"},"schema":{"@context":"https:\/\/schema.org","@graph":[{"@type":"WebPage","@id":"http:\/\/www.verenakohlmeier.at\/?page_id=449","url":"http:\/\/www.verenakohlmeier.at\/?page_id=449","name":"Angebote - Verena Kohlmeier","isPartOf":{"@id":"http:\/\/www.verenakohlmeier.at\/#website"},"primaryImageOfPage":{"@id":"http:\/\/www.verenakohlmeier.at\/?page_id=449#primaryimage"},"image":{"@id":"http:\/\/www.verenakohlmeier.at\/?page_id=449#primaryimage"},"thumbnailUrl":"http:\/\/www.verenakohlmeier.at\/wp-content\/uploads\/2015\/03\/therapeutisches_klettern_seele_rund-300x300.png","datePublished":"2015-06-30T15:54:12+00:00","dateModified":"2022-09-13T20:23:18+00:00","breadcrumb":{"@id":"http:\/\/www.verenakohlmeier.at\/?page_id=449#breadcrumb"},"inLanguage":"de","potentialAction":[{"@type":"ReadAction","target":["http:\/\/www.verenakohlmeier.at\/?page_id=449"]}]},{"@type":"ImageObject","inLanguage":"de","@id":"http:\/\/www.verenakohlmeier.at\/?page_id=449#primaryimage","url":"http:\/\/www.verenakohlmeier.at\/wp-content\/uploads\/2015\/03\/therapeutisches_klettern_seele_rund.png","contentUrl":"http:\/\/www.verenakohlmeier.at\/wp-content\/uploads\/2015\/03\/therapeutisches_klettern_seele_rund.png","width":500,"height":500},{"@type":"BreadcrumbList","@id":"http:\/\/www.verenakohlmeier.at\/?page_id=449#breadcrumb","itemListElement":[{"@type":"ListItem","position":1,"name":"Startseite","item":"http:\/\/www.verenakohlmeier.at\/"},{"@type":"ListItem","position":2,"name":"Angebote"}]},{"@type":"WebSite","@id":"http:\/\/www.verenakohlmeier.at\/#website","url":"http:\/\/www.verenakohlmeier.at\/","name":"Verena Kohlmeier","description":"","potentialAction":[{"@type":"SearchAction","target":{"@type":"EntryPoint","urlTemplate":"http:\/\/www.verenakohlmeier.at\/?s={search_term_string}"},"query-input":{"@type":"PropertyValueSpecification","valueRequired":true,"valueName":"search_term_string"}}],"inLanguage":"de"}]}},"jetpack_sharing_enabled":true,"jetpack_shortlink":"https:\/\/wp.me\/P9d7WV-7f","_links":{"self":[{"href":"http:\/\/www.verenakohlmeier.at\/index.php?rest_route=\/wp\/v2\/pages\/449","targetHints":{"allow":["GET"]}}],"collection":[{"href":"http:\/\/www.verenakohlmeier.at\/index.php?rest_route=\/wp\/v2\/pages"}],"about":[{"href":"http:\/\/www.verenakohlmeier.at\/index.php?rest_route=\/wp\/v2\/types\/page"}],"author":[{"embeddable":true,"href":"http:\/\/www.verenakohlmeier.at\/index.php?rest_route=\/wp\/v2\/users\/2"}],"replies":[{"embeddable":true,"href":"http:\/\/www.verenakohlmeier.at\/index.php?rest_route=%2Fwp%2Fv2%2Fcomments&post=449"}],"version-history":[{"count":55,"href":"http:\/\/www.verenakohlmeier.at\/index.php?rest_route=\/wp\/v2\/pages\/449\/revisions"}],"predecessor-version":[{"id":1639,"href":"http:\/\/www.verenakohlmeier.at\/index.php?rest_route=\/wp\/v2\/pages\/449\/revisions\/1639"}],"wp:attachment":[{"href":"http:\/\/www.verenakohlmeier.at\/index.php?rest_route=%2Fwp%2Fv2%2Fmedia&parent=449"}],"curies":[{"name":"wp","href":"https:\/\/api.w.org\/{rel}","templated":true}]}}