{"id":12,"date":"2015-03-13T06:51:10","date_gmt":"2015-03-13T05:51:10","guid":{"rendered":"http:\/\/www.verenakohlmeier.at\/?page_id=12"},"modified":"2020-10-29T00:27:49","modified_gmt":"2020-10-28T23:27:49","slug":"glueck","status":"publish","type":"page","link":"http:\/\/www.verenakohlmeier.at\/?page_id=12","title":{"rendered":"Mehr dazu&#8230;"},"content":{"rendered":"<h1><\/h1>\n<h4><strong><span style=\"color: #e66c6c;\"><span style=\"color: #b84242;\"><a href=\"http:\/\/www.verenakohlmeier.at\/wp-content\/uploads\/2015\/03\/grenzen_ueberwinden.png\"><img loading=\"lazy\" decoding=\"async\" class=\"alignleft wp-image-954 \" src=\"http:\/\/www.verenakohlmeier.at\/wp-content\/uploads\/2015\/03\/grenzen_ueberwinden-300x300.png\" alt=\"grenzen_ueberwinden\" width=\"222\" height=\"222\" srcset=\"http:\/\/www.verenakohlmeier.at\/wp-content\/uploads\/2015\/03\/grenzen_ueberwinden-300x300.png 300w, http:\/\/www.verenakohlmeier.at\/wp-content\/uploads\/2015\/03\/grenzen_ueberwinden-150x150.png 150w, http:\/\/www.verenakohlmeier.at\/wp-content\/uploads\/2015\/03\/grenzen_ueberwinden.png 316w\" sizes=\"auto, (max-width: 222px) 100vw, 222px\" \/><\/a><span style=\"color: #957999;\">Grenzen lustvoll \u00fcberwinden<\/span><\/span><\/span><\/strong><\/h4>\n<p style=\"text-align: justify;\"><strong><span style=\"color: #e66c6c;\"><br \/>\n<\/span><\/strong>Die F\u00e4higkeit zu<br \/>\nklettern, Barrieren und<br \/>\nGrenzen zu \u00fcberwinden,<br \/>\nwohnt jedem von uns inne.<br \/>\nOft hindern wir uns jedoch<br \/>\nmit unseren Gedanken<br \/>\nund damit einhergehenden Zweifeln daran etwas Neues<br \/>\nzu versuchen. Mit Gedanken wie \u201eDas schaffe ich nie. Das kann<br \/>\nich nicht. Das ist ein Sport f\u00fcr andere. Ich bin zu dick, zu schwach,<br \/>\nzu klein, zu gro\u00df\u2026\u201c versagen wir uns selbst die M\u00f6glichkeit,<br \/>\nneue positive Erfahrungen zu machen. Grenzen langsam<br \/>\nzu \u00fcberwinden kann lustvoll sein, Erfolgserlebnisse und<br \/>\nFlow-Gef\u00fchl stellen sich ein.<\/p>\n<hr \/>\n<h4><span style=\"color: #957999;\">\u00dcber Barrieren klettern<\/span><\/h4>\n<p>Beim therapeutischen Klettern in der Psychotherapie geht es<br \/>\nnicht nur darum, ein Kletterproblem zu l\u00f6sen und zum n\u00e4chsten<br \/>\nGriff zu gelangen. Das Hauptaugenmerk liegt darin, gedankliche<br \/>\nBarrieren und negative Denkmuster zu erkennen und zu<br \/>\n\u00fcberwinden. Denn gerade diese verwehren uns oft<br \/>\npositive Empfindungen. Sie hindern uns etwa daran ein Erfolgserlebnis zu genie\u00dfen, weil wir uns zu sehr mit anderen vergleichen, anstatt unseren eigenen Anforderungen zu<br \/>\ngen\u00fcgen oder weil wir aufgeben, wenn etwas nicht schnell genug gelingt. Sowohl beim Klettern wie auch im allt\u00e4glichen Leben<br \/>\ngibt es Herausforderungen und Hindernisse &#8211; &#8222;\u00dcber Barrieren klettern&#8220; ist somit eine Metapher, bei der sich neue Erfahrungen<br \/>\nbeim Klettern wirksam in den Alltag und auf andere bedeutsame Lebensbereiche \u00fcbertragen lassen.<\/p>\n<hr \/>\n<h4><strong><span style=\"color: #e66c6c;\"><span style=\"color: #957999;\">Herausforderungen meistern<\/span><br \/>\n<\/span><\/strong><\/h4>\n<p>Das Klettern bietet viele individuelle Herausforderungen und<br \/>\nmacht vielf\u00e4ltige Grenzen in Bezug auf die eigene Kraft,<br \/>\nAusdauer, Frustrationstoleranz, Motivation oder das Vertrauen<br \/>\nin das Material, die eigenen F\u00e4higkeiten, den Sicherungspartner<br \/>\nerfahrbar. Entwicklung passiert insbesondere dann, wenn<br \/>\nsolche Grenzen \u00fcberschritten werden. All die mit dem Klettern verbundenen Herausforderungen bieten die Chance zu lernen,<br \/>\nzu wachsen und seine Kompetenzen zu erweitern. Es ist von<br \/>\nzentraler Bedeutung, eigene Grenzen achtsam zu ersp\u00fcren, wahrzunehmen und mitzuteilen, um zu erkennen, welche es zu akzeptieren und welche es zu \u00fcberwinden lohnt. Klettern bietet somit die M\u00f6glichkeit, sich selbst zu erleben, sich n\u00e4her kennen<br \/>\nzu lernen, dabei Grenzen zu \u00fcberwinden und alte einengende<br \/>\nVerhaltensmuster zu ver\u00e4ndern.<\/p>\n<hr \/>\n<h4><span style=\"color: #957999;\"><strong>Selbstwirksamkeit, Autonomie &amp; Zugeh\u00f6rigkeit<\/strong><\/span><\/h4>\n<p>Klettern birgt einen hohen Eigenmotivationscharakter und liegt<br \/>\nin der Natur des Menschen. Bereits das Kleinkind richtet sich aus eigenem Antrieb auf und klettert \u00fcber verschiedene Hindernisse<br \/>\noder auf den Scho\u00df der Eltern. Sp\u00e4ter f\u00fchrt die Explorationslust<br \/>\ndazu, dass sich das Klettern etwa auf B\u00e4ume und Mauern<br \/>\nausweitet. Ich selbst kletterte als Kind auf den alten Nussbaum in unserem Garten, heute klettere ich am liebsten auf Felsw\u00e4nde nahe dem Meer.<\/p>\n<hr \/>\n<h4><span style=\"color: #957999;\"><strong>Einzeltherapie &amp; Kleingruppen<\/strong><\/span><\/h4>\n<p>Sowohl im Rahmen einer Einzeltherapie als auch in der Kleingruppe eruieren wir gemeinsam Ihre Themenbereiche, pers\u00f6nlichen Herausforderungen und individuellen Bed\u00fcrfnisse.\u00a0 Beim therapeutischen Klettern in der Psychotherapie geht es nicht um sportliche Leistungen, es ist viel mehr ein bewusstes Bewegen an den Kletterw\u00e4nden, wobei ich Sie begleite. Kleine Gruppen erleichtern es, miteinander in Beziehung zu treten, Vertrauen zu fassen und sich wohl und sicher zu f\u00fchlen. Der gesch\u00fctzte Rahmen bietet ausreichend Raum f\u00fcr offene L\u00f6sungsans\u00e4tze und die Erfahrung von Selbstwirksamkeit.<\/p>\n<h4><\/h4>\n<h4 style=\"text-align: center;\"><span style=\"color: #cc99ff;\">&#8222;Sei du selbst, alle anderen sind bereits vergeben.&#8220;<\/span><\/h4>\n<h5 style=\"text-align: center;\">Oscar Wilde<\/h5>\n<hr \/>\n","protected":false},"excerpt":{"rendered":"<p>Grenzen lustvoll \u00fcberwinden Die F\u00e4higkeit zu klettern, Barrieren und Grenzen zu \u00fcberwinden, wohnt jedem von uns inne. Oft hindern wir uns jedoch mit unseren Gedanken und damit einhergehenden Zweifeln daran etwas Neues zu versuchen. Mit Gedanken wie \u201eDas schaffe ich nie. Das kann ich nicht. Das ist ein Sport f\u00fcr andere. Ich bin zu dick, &hellip; <a href=\"http:\/\/www.verenakohlmeier.at\/?page_id=12\" class=\"more-link\"><span class=\"screen-reader-text\">Mehr dazu&#8230;<\/span> weiterlesen <span class=\"meta-nav\">&rarr;<\/span><\/a><\/p>\n","protected":false},"author":2,"featured_media":0,"parent":0,"menu_order":0,"comment_status":"closed","ping_status":"open","template":"page-templates\/full-width.php","meta":{"jetpack_post_was_ever_published":false,"footnotes":""},"class_list":["post-12","page","type-page","status-publish","hentry"],"yoast_head":"<!-- This site is optimized with the Yoast SEO plugin v27.4 - https:\/\/yoast.com\/product\/yoast-seo-wordpress\/ -->\n<title>Mehr dazu... - Verena Kohlmeier<\/title>\n<meta name=\"robots\" content=\"index, follow, max-snippet:-1, max-image-preview:large, max-video-preview:-1\" \/>\n<link rel=\"canonical\" href=\"http:\/\/www.verenakohlmeier.at\/?page_id=12\" \/>\n<meta property=\"og:locale\" content=\"de_DE\" \/>\n<meta property=\"og:type\" content=\"article\" \/>\n<meta property=\"og:title\" content=\"Mehr dazu... - Verena Kohlmeier\" \/>\n<meta property=\"og:description\" content=\"Grenzen lustvoll \u00fcberwinden Die F\u00e4higkeit zu klettern, Barrieren und Grenzen zu \u00fcberwinden, wohnt jedem von uns inne. Oft hindern wir uns jedoch mit unseren Gedanken und damit einhergehenden Zweifeln daran etwas Neues zu versuchen. Mit Gedanken wie \u201eDas schaffe ich nie. Das kann ich nicht. Das ist ein Sport f\u00fcr andere. Ich bin zu dick, &hellip; Mehr dazu&#8230; weiterlesen &rarr;\" \/>\n<meta property=\"og:url\" content=\"http:\/\/www.verenakohlmeier.at\/?page_id=12\" \/>\n<meta property=\"og:site_name\" content=\"Verena Kohlmeier\" \/>\n<meta property=\"article:modified_time\" content=\"2020-10-28T23:27:49+00:00\" \/>\n<meta property=\"og:image\" content=\"http:\/\/www.verenakohlmeier.at\/wp-content\/uploads\/2015\/03\/grenzen_ueberwinden-300x300.png\" \/>\n<meta name=\"twitter:label1\" content=\"Gesch\u00e4tzte Lesezeit\" \/>\n\t<meta name=\"twitter:data1\" content=\"3\u00a0Minuten\" \/>\n<script type=\"application\/ld+json\" class=\"yoast-schema-graph\">{\"@context\":\"https:\\\/\\\/schema.org\",\"@graph\":[{\"@type\":\"WebPage\",\"@id\":\"http:\\\/\\\/www.verenakohlmeier.at\\\/?page_id=12\",\"url\":\"http:\\\/\\\/www.verenakohlmeier.at\\\/?page_id=12\",\"name\":\"Mehr dazu... - Verena Kohlmeier\",\"isPartOf\":{\"@id\":\"http:\\\/\\\/www.verenakohlmeier.at\\\/#website\"},\"primaryImageOfPage\":{\"@id\":\"http:\\\/\\\/www.verenakohlmeier.at\\\/?page_id=12#primaryimage\"},\"image\":{\"@id\":\"http:\\\/\\\/www.verenakohlmeier.at\\\/?page_id=12#primaryimage\"},\"thumbnailUrl\":\"http:\\\/\\\/www.verenakohlmeier.at\\\/wp-content\\\/uploads\\\/2015\\\/03\\\/grenzen_ueberwinden-300x300.png\",\"datePublished\":\"2015-03-13T05:51:10+00:00\",\"dateModified\":\"2020-10-28T23:27:49+00:00\",\"breadcrumb\":{\"@id\":\"http:\\\/\\\/www.verenakohlmeier.at\\\/?page_id=12#breadcrumb\"},\"inLanguage\":\"de\",\"potentialAction\":[{\"@type\":\"ReadAction\",\"target\":[\"http:\\\/\\\/www.verenakohlmeier.at\\\/?page_id=12\"]}]},{\"@type\":\"ImageObject\",\"inLanguage\":\"de\",\"@id\":\"http:\\\/\\\/www.verenakohlmeier.at\\\/?page_id=12#primaryimage\",\"url\":\"http:\\\/\\\/www.verenakohlmeier.at\\\/wp-content\\\/uploads\\\/2015\\\/03\\\/grenzen_ueberwinden.png\",\"contentUrl\":\"http:\\\/\\\/www.verenakohlmeier.at\\\/wp-content\\\/uploads\\\/2015\\\/03\\\/grenzen_ueberwinden.png\",\"width\":316,\"height\":317},{\"@type\":\"BreadcrumbList\",\"@id\":\"http:\\\/\\\/www.verenakohlmeier.at\\\/?page_id=12#breadcrumb\",\"itemListElement\":[{\"@type\":\"ListItem\",\"position\":1,\"name\":\"Startseite\",\"item\":\"http:\\\/\\\/www.verenakohlmeier.at\\\/\"},{\"@type\":\"ListItem\",\"position\":2,\"name\":\"Mehr dazu&#8230;\"}]},{\"@type\":\"WebSite\",\"@id\":\"http:\\\/\\\/www.verenakohlmeier.at\\\/#website\",\"url\":\"http:\\\/\\\/www.verenakohlmeier.at\\\/\",\"name\":\"Verena Kohlmeier\",\"description\":\"\",\"potentialAction\":[{\"@type\":\"SearchAction\",\"target\":{\"@type\":\"EntryPoint\",\"urlTemplate\":\"http:\\\/\\\/www.verenakohlmeier.at\\\/?s={search_term_string}\"},\"query-input\":{\"@type\":\"PropertyValueSpecification\",\"valueRequired\":true,\"valueName\":\"search_term_string\"}}],\"inLanguage\":\"de\"}]}<\/script>\n<!-- \/ Yoast SEO plugin. -->","yoast_head_json":{"title":"Mehr dazu... - Verena Kohlmeier","robots":{"index":"index","follow":"follow","max-snippet":"max-snippet:-1","max-image-preview":"max-image-preview:large","max-video-preview":"max-video-preview:-1"},"canonical":"http:\/\/www.verenakohlmeier.at\/?page_id=12","og_locale":"de_DE","og_type":"article","og_title":"Mehr dazu... - Verena Kohlmeier","og_description":"Grenzen lustvoll \u00fcberwinden Die F\u00e4higkeit zu klettern, Barrieren und Grenzen zu \u00fcberwinden, wohnt jedem von uns inne. Oft hindern wir uns jedoch mit unseren Gedanken und damit einhergehenden Zweifeln daran etwas Neues zu versuchen. Mit Gedanken wie \u201eDas schaffe ich nie. Das kann ich nicht. Das ist ein Sport f\u00fcr andere. Ich bin zu dick, &hellip; Mehr dazu&#8230; weiterlesen &rarr;","og_url":"http:\/\/www.verenakohlmeier.at\/?page_id=12","og_site_name":"Verena Kohlmeier","article_modified_time":"2020-10-28T23:27:49+00:00","og_image":[{"url":"http:\/\/www.verenakohlmeier.at\/wp-content\/uploads\/2015\/03\/grenzen_ueberwinden-300x300.png","type":"","width":"","height":""}],"twitter_misc":{"Gesch\u00e4tzte Lesezeit":"3\u00a0Minuten"},"schema":{"@context":"https:\/\/schema.org","@graph":[{"@type":"WebPage","@id":"http:\/\/www.verenakohlmeier.at\/?page_id=12","url":"http:\/\/www.verenakohlmeier.at\/?page_id=12","name":"Mehr dazu... - Verena Kohlmeier","isPartOf":{"@id":"http:\/\/www.verenakohlmeier.at\/#website"},"primaryImageOfPage":{"@id":"http:\/\/www.verenakohlmeier.at\/?page_id=12#primaryimage"},"image":{"@id":"http:\/\/www.verenakohlmeier.at\/?page_id=12#primaryimage"},"thumbnailUrl":"http:\/\/www.verenakohlmeier.at\/wp-content\/uploads\/2015\/03\/grenzen_ueberwinden-300x300.png","datePublished":"2015-03-13T05:51:10+00:00","dateModified":"2020-10-28T23:27:49+00:00","breadcrumb":{"@id":"http:\/\/www.verenakohlmeier.at\/?page_id=12#breadcrumb"},"inLanguage":"de","potentialAction":[{"@type":"ReadAction","target":["http:\/\/www.verenakohlmeier.at\/?page_id=12"]}]},{"@type":"ImageObject","inLanguage":"de","@id":"http:\/\/www.verenakohlmeier.at\/?page_id=12#primaryimage","url":"http:\/\/www.verenakohlmeier.at\/wp-content\/uploads\/2015\/03\/grenzen_ueberwinden.png","contentUrl":"http:\/\/www.verenakohlmeier.at\/wp-content\/uploads\/2015\/03\/grenzen_ueberwinden.png","width":316,"height":317},{"@type":"BreadcrumbList","@id":"http:\/\/www.verenakohlmeier.at\/?page_id=12#breadcrumb","itemListElement":[{"@type":"ListItem","position":1,"name":"Startseite","item":"http:\/\/www.verenakohlmeier.at\/"},{"@type":"ListItem","position":2,"name":"Mehr dazu&#8230;"}]},{"@type":"WebSite","@id":"http:\/\/www.verenakohlmeier.at\/#website","url":"http:\/\/www.verenakohlmeier.at\/","name":"Verena Kohlmeier","description":"","potentialAction":[{"@type":"SearchAction","target":{"@type":"EntryPoint","urlTemplate":"http:\/\/www.verenakohlmeier.at\/?s={search_term_string}"},"query-input":{"@type":"PropertyValueSpecification","valueRequired":true,"valueName":"search_term_string"}}],"inLanguage":"de"}]}},"jetpack_sharing_enabled":true,"jetpack_shortlink":"https:\/\/wp.me\/P9d7WV-c","_links":{"self":[{"href":"http:\/\/www.verenakohlmeier.at\/index.php?rest_route=\/wp\/v2\/pages\/12","targetHints":{"allow":["GET"]}}],"collection":[{"href":"http:\/\/www.verenakohlmeier.at\/index.php?rest_route=\/wp\/v2\/pages"}],"about":[{"href":"http:\/\/www.verenakohlmeier.at\/index.php?rest_route=\/wp\/v2\/types\/page"}],"author":[{"embeddable":true,"href":"http:\/\/www.verenakohlmeier.at\/index.php?rest_route=\/wp\/v2\/users\/2"}],"replies":[{"embeddable":true,"href":"http:\/\/www.verenakohlmeier.at\/index.php?rest_route=%2Fwp%2Fv2%2Fcomments&post=12"}],"version-history":[{"count":78,"href":"http:\/\/www.verenakohlmeier.at\/index.php?rest_route=\/wp\/v2\/pages\/12\/revisions"}],"predecessor-version":[{"id":1508,"href":"http:\/\/www.verenakohlmeier.at\/index.php?rest_route=\/wp\/v2\/pages\/12\/revisions\/1508"}],"wp:attachment":[{"href":"http:\/\/www.verenakohlmeier.at\/index.php?rest_route=%2Fwp%2Fv2%2Fmedia&parent=12"}],"curies":[{"name":"wp","href":"https:\/\/api.w.org\/{rel}","templated":true}]}}